{"id":929,"date":"2025-11-20T17:26:55","date_gmt":"2025-11-20T17:26:55","guid":{"rendered":"https:\/\/frenchpie.community\/?post_type=tribe_events&#038;p=929"},"modified":"2025-11-29T20:41:47","modified_gmt":"2025-11-29T20:41:47","slug":"la-france-des-penseurs-les-idees-philosophiques-phares-stockholm","status":"publish","type":"tribe_events","link":"https:\/\/frenchpie.community\/en\/event\/la-france-des-penseurs-les-idees-philosophiques-phares-stockholm\/","title":{"rendered":"La France des penseurs: les id\u00e9es philosophiques phares &#8211; Stockholm"},"content":{"rendered":"<p>Participez \u00e0 une conf\u00e9rence d\u00e9di\u00e9e aux grands penseurs et id\u00e9es philosophiques qui ont fa\u00e7onn\u00e9 la France et le monde.<br \/>\nDe Descartes \u00e0 Voltaire, de Rousseau \u00e0 Simone de Beauvoir, explorez les concepts, d\u00e9bats et visions qui ont marqu\u00e9 les \u00e9poques et influenc\u00e9 la soci\u00e9t\u00e9, la politique et la culture fran\u00e7aises.<br \/>\nCette rencontre offre une immersion vivante dans la richesse de la pens\u00e9e fran\u00e7aise, permettant d\u2019\u00e9clairer les enjeux philosophiques fondamentaux tout en suscitant la r\u00e9flexion et les \u00e9changes avec les participants.<br \/>\nPour prolonger cette exp\u00e9rience intellectuelle, la conf\u00e9rence sera suivie d\u2019une d\u00e9gustation raffin\u00e9e de Cr\u00e9mants de Limoux, accompagn\u00e9e d\u2019un ap\u00e9ritif convivial, favorisant discussions et partages autour des id\u00e9es explor\u00e9es.<br \/>\nUne soir\u00e9e o\u00f9 culture, r\u00e9flexion et plaisir se conjuguent harmonieusement.<\/p>\n<p>Attend a lecture dedicated to the great thinkers and philosophical ideas that have shaped France and the world.<br \/>\nFrom Descartes to Voltaire, from Rousseau to Simone de Beauvoir, explore the concepts, debates, and visions that have defined eras and influenced French society, politics, and culture.<br \/>\nThis event offers a lively immersion into the richness of French thought, shedding light on fundamental philosophical questions while encouraging reflection and discussion among participants.<br \/>\nTo extend this intellectual experience, the lecture will be followed by a refined tasting of Cr\u00e9mants de Limoux, accompanied by a convivial aperitif, fostering conversation and the sharing of ideas explored during the session.<br \/>\nAn evening where culture, reflection, and enjoyment come together in perfect harmony.<\/p>","protected":false},"excerpt":{"rendered":"<p>Participez \u00e0 une conf\u00e9rence d\u00e9di\u00e9e aux grands penseurs et id\u00e9es philosophiques qui ont fa\u00e7onn\u00e9 la France et le monde. De Descartes \u00e0 Voltaire, de Rousseau \u00e0 Simone de Beauvoir, explorez [&hellip;]<\/p>\n","protected":false},"author":2,"featured_media":706,"template":"","meta":{"_price":"","_stock":"","_tribe_ticket_header":"","_tribe_default_ticket_provider":"TEC\\Tickets\\Commerce\\Module","_tribe_ticket_capacity":"0","_ticket_start_date":"","_ticket_end_date":"","_tribe_ticket_show_description":"","_tribe_ticket_show_not_going":false,"_tribe_ticket_use_global_stock":"","_tribe_ticket_global_stock_level":"","_global_stock_mode":"","_global_stock_cap":"","_tribe_rsvp_for_event":"","_tribe_ticket_going_count":"","_tribe_ticket_not_going_count":"","_tribe_tickets_list":"[{\"id\":930,\"type\":\"default\",\"title\":\"Entry Ticket\",\"description\":\"\",\"capacityType\":\"unlimited\",\"price\":\"35\",\"capacity\":\"\",\"available\":-1,\"sharedCapacity\":\"\",\"sold\":0,\"shareSold\":0,\"isShared\":true,\"currencyDecimalPoint\":\".\",\"currencyNumberOfDecimals\":2,\"currencyPosition\":\"prefix\",\"currencySymbol\":\"\\u20ac\",\"currencyThousandsSep\":\",\"}]","_tribe_ticket_has_attendee_info_fields":false,"_tribe_events_status":"","_tribe_events_status_reason":"","_tribe_events_is_hybrid":"","_tribe_events_is_virtual":"","_tribe_events_virtual_video_source":"","_tribe_events_virtual_embed_video":"","_tribe_events_virtual_linked_button_text":"","_tribe_events_virtual_linked_button":"","_tribe_events_virtual_show_embed_at":"","_tribe_events_virtual_show_embed_to":[],"_tribe_events_virtual_show_on_event":"","_tribe_events_virtual_show_on_views":"","_tribe_events_virtual_url":"","footnotes":"","_tec_slr_enabled":"","_tec_slr_layout":""},"tags":[91,51,142,48,143,92,72,140,141,67,68,18],"tribe_events_cat":[37,16,41],"class_list":["post-929","tribe_events","type-tribe_events","status-publish","has-post-thumbnail","hentry","tag-conference","tag-cremant","tag-culture-francaise","tag-french-culture","tag-history","tag-lecture","tag-networking","tag-philosophie","tag-philosophy","tag-stockholm","tag-sweden","tag-vin","tribe_events_cat-conference","tribe_events_cat-soiree-francaise","tribe_events_cat-stockholm","cat_conference","cat_soiree-francaise","cat_stockholm"],"yoast_head":"<!-- This site is optimized with the Yoast SEO Premium plugin v26.9 (Yoast SEO v27.5) - https:\/\/yoast.com\/product\/yoast-seo-premium-wordpress\/ -->\n<title>La France des penseurs: les id\u00e9es philosophiques phares - Stockholm - French Pie Community<\/title>\n<meta name=\"description\" content=\"Attend a lecture dedicated to the great thinkers and philosophical ideas that have shaped France and the world.\" \/>\n<meta name=\"robots\" content=\"index, follow, max-snippet:-1, max-image-preview:large, max-video-preview:-1\" \/>\n<link rel=\"canonical\" href=\"https:\/\/frenchpie.community\/en\/event\/la-france-des-penseurs-les-idees-philosophiques-phares-stockholm\/\" \/>\n<meta property=\"og:locale\" content=\"en_GB\" \/>\n<meta property=\"og:type\" content=\"article\" \/>\n<meta property=\"og:title\" content=\"La France des penseurs: les id\u00e9es philosophiques phares - Stockholm\" \/>\n<meta property=\"og:description\" content=\"Attend a lecture dedicated to the great thinkers and philosophical ideas that have shaped France and the world.\" \/>\n<meta property=\"og:url\" content=\"https:\/\/frenchpie.community\/en\/event\/la-france-des-penseurs-les-idees-philosophiques-phares-stockholm\/\" \/>\n<meta property=\"og:site_name\" content=\"French Pie Community\" \/>\n<meta property=\"article:publisher\" content=\"https:\/\/www.facebook.com\/frenchpie.community\/\" \/>\n<meta property=\"article:modified_time\" content=\"2025-11-29T20:41:47+00:00\" \/>\n<meta property=\"og:image\" content=\"https:\/\/frenchpie.community\/wp-content\/uploads\/2025\/11\/Penseurs-SE-724x1024.png\" \/>\n\t<meta property=\"og:image:width\" content=\"724\" \/>\n\t<meta property=\"og:image:height\" content=\"1024\" \/>\n\t<meta property=\"og:image:type\" content=\"image\/png\" \/>\n<meta name=\"twitter:card\" content=\"summary_large_image\" \/>\n<meta name=\"twitter:label1\" content=\"Estimated reading time\" \/>\n\t<meta name=\"twitter:data1\" content=\"2 minutes\" \/>\n<script type=\"application\/ld+json\" class=\"yoast-schema-graph\">{\"@context\":\"https:\\\/\\\/schema.org\",\"@graph\":[{\"@type\":\"WebPage\",\"@id\":\"https:\\\/\\\/frenchpie.community\\\/event\\\/la-france-des-penseurs-les-idees-philosophiques-phares-stockholm\\\/\",\"url\":\"https:\\\/\\\/frenchpie.community\\\/event\\\/la-france-des-penseurs-les-idees-philosophiques-phares-stockholm\\\/\",\"name\":\"La France des penseurs: les id\u00e9es philosophiques phares - Stockholm - French Pie Community\",\"isPartOf\":{\"@id\":\"https:\\\/\\\/frenchpie.community\\\/#website\"},\"primaryImageOfPage\":{\"@id\":\"https:\\\/\\\/frenchpie.community\\\/event\\\/la-france-des-penseurs-les-idees-philosophiques-phares-stockholm\\\/#primaryimage\"},\"image\":{\"@id\":\"https:\\\/\\\/frenchpie.community\\\/event\\\/la-france-des-penseurs-les-idees-philosophiques-phares-stockholm\\\/#primaryimage\"},\"thumbnailUrl\":\"https:\\\/\\\/frenchpie.community\\\/wp-content\\\/uploads\\\/2025\\\/11\\\/Penseurs-SE-scaled.png\",\"datePublished\":\"2025-11-20T17:26:55+00:00\",\"dateModified\":\"2025-11-29T20:41:47+00:00\",\"description\":\"Attend a lecture dedicated to the great thinkers and philosophical ideas that have shaped France and the world.\",\"breadcrumb\":{\"@id\":\"https:\\\/\\\/frenchpie.community\\\/event\\\/la-france-des-penseurs-les-idees-philosophiques-phares-stockholm\\\/#breadcrumb\"},\"inLanguage\":\"en-GB\",\"potentialAction\":[{\"@type\":\"ReadAction\",\"target\":[\"https:\\\/\\\/frenchpie.community\\\/event\\\/la-france-des-penseurs-les-idees-philosophiques-phares-stockholm\\\/\"]}]},{\"@type\":\"ImageObject\",\"inLanguage\":\"en-GB\",\"@id\":\"https:\\\/\\\/frenchpie.community\\\/event\\\/la-france-des-penseurs-les-idees-philosophiques-phares-stockholm\\\/#primaryimage\",\"url\":\"https:\\\/\\\/frenchpie.community\\\/wp-content\\\/uploads\\\/2025\\\/11\\\/Penseurs-SE-scaled.png\",\"contentUrl\":\"https:\\\/\\\/frenchpie.community\\\/wp-content\\\/uploads\\\/2025\\\/11\\\/Penseurs-SE-scaled.png\",\"width\":1810,\"height\":2560},{\"@type\":\"BreadcrumbList\",\"@id\":\"https:\\\/\\\/frenchpie.community\\\/event\\\/la-france-des-penseurs-les-idees-philosophiques-phares-stockholm\\\/#breadcrumb\",\"itemListElement\":[{\"@type\":\"ListItem\",\"position\":1,\"name\":\"Accueil\",\"item\":\"https:\\\/\\\/frenchpie.community\\\/\"},{\"@type\":\"ListItem\",\"position\":2,\"name\":\"\u00c9v\u00e8nements\",\"item\":\"https:\\\/\\\/frenchpie.community\\\/events\\\/\"},{\"@type\":\"ListItem\",\"position\":3,\"name\":\"La France des penseurs: les id\u00e9es philosophiques phares &#8211; Stockholm\"}]},{\"@type\":\"WebSite\",\"@id\":\"https:\\\/\\\/frenchpie.community\\\/#website\",\"url\":\"https:\\\/\\\/frenchpie.community\\\/\",\"name\":\"French Pie Community\",\"description\":\"Site officiel\",\"publisher\":{\"@id\":\"https:\\\/\\\/frenchpie.community\\\/#organization\"},\"alternateName\":\"FPC\",\"potentialAction\":[{\"@type\":\"SearchAction\",\"target\":{\"@type\":\"EntryPoint\",\"urlTemplate\":\"https:\\\/\\\/frenchpie.community\\\/?s={search_term_string}\"},\"query-input\":{\"@type\":\"PropertyValueSpecification\",\"valueRequired\":true,\"valueName\":\"search_term_string\"}}],\"inLanguage\":\"en-GB\"},{\"@type\":[\"Organization\",\"Place\",\"NGO\"],\"@id\":\"https:\\\/\\\/frenchpie.community\\\/#organization\",\"name\":\"French Pie Community\",\"alternateName\":\"French Pie Community\",\"url\":\"https:\\\/\\\/frenchpie.community\\\/\",\"logo\":{\"@id\":\"https:\\\/\\\/frenchpie.community\\\/event\\\/la-france-des-penseurs-les-idees-philosophiques-phares-stockholm\\\/#local-main-organization-logo\"},\"image\":{\"@id\":\"https:\\\/\\\/frenchpie.community\\\/event\\\/la-france-des-penseurs-les-idees-philosophiques-phares-stockholm\\\/#local-main-organization-logo\"},\"sameAs\":[\"https:\\\/\\\/www.facebook.com\\\/frenchpie.community\\\/\",\"https:\\\/\\\/www.instagram.com\\\/frenchpie_community\\\/\"],\"description\":\"French Pie est une communaut\u00e9 dynamique de personnes passionn\u00e9es par la langue, la culture, les traditions, le savoir-faire et le savoir-vivre \u00e0 la fran\u00e7aise \u00e0 l\u2019\u00e9tranger. Notre communaut\u00e9 offre un espace accueillant pour explorer tout ce qui est fran\u00e7ais \u2014 de l\u2019art, la musique, la cuisine et le cin\u00e9ma \u00e0 l\u2019histoire, la philosophie et la vie contemporaine. Nous organisons des \u00e9v\u00e9nements culturels, des \u00e9changes linguistiques, des soir\u00e9es cin\u00e9ma et des discussions qui c\u00e9l\u00e8brent la richesse et la diversit\u00e9 du monde francophone. Rejoignez-nous pour interagir, apprendre et vous immerger dans le charme unique de la culture fran\u00e7aise \u00e0 Paris, Prague, Tallinn, Copenhague et Stockholm.\",\"legalName\":\"French Pie Community\",\"foundingDate\":\"2002-01-01\",\"numberOfEmployees\":{\"@type\":\"QuantitativeValue\",\"minValue\":\"11\",\"maxValue\":\"50\"},\"address\":{\"@id\":\"https:\\\/\\\/frenchpie.community\\\/event\\\/la-france-des-penseurs-les-idees-philosophiques-phares-stockholm\\\/#local-main-place-address\"},\"telephone\":[],\"contactPoint\":{\"@type\":\"ContactPoint\",\"telephone\":\"+33 6 69 21 49 88\"},\"openingHoursSpecification\":[{\"@type\":\"OpeningHoursSpecification\",\"dayOfWeek\":[\"Monday\",\"Tuesday\",\"Wednesday\",\"Thursday\",\"Friday\",\"Saturday\",\"Sunday\"],\"opens\":\"09:00\",\"closes\":\"19:00\"}],\"email\":\"info@frenchpie.community\",\"taxID\":\"W922022708\"},{\"@type\":\"PostalAddress\",\"@id\":\"https:\\\/\\\/frenchpie.community\\\/event\\\/la-france-des-penseurs-les-idees-philosophiques-phares-stockholm\\\/#local-main-place-address\",\"streetAddress\":\"16 Chem. du Syndicat des Cultivateurs\",\"addressLocality\":\"Suresnes\",\"postalCode\":\"92150\",\"addressCountry\":\"FR\"},{\"@type\":\"ImageObject\",\"inLanguage\":\"en-GB\",\"@id\":\"https:\\\/\\\/frenchpie.community\\\/event\\\/la-france-des-penseurs-les-idees-philosophiques-phares-stockholm\\\/#local-main-organization-logo\",\"url\":\"https:\\\/\\\/frenchpie.community\\\/wp-content\\\/uploads\\\/2025\\\/10\\\/Logo-French-Pie-.png\",\"contentUrl\":\"https:\\\/\\\/frenchpie.community\\\/wp-content\\\/uploads\\\/2025\\\/10\\\/Logo-French-Pie-.png\",\"width\":500,\"height\":500,\"caption\":\"French Pie Community\"}]}<\/script>\n<meta name=\"geo.placename\" content=\"Suresnes\" \/>\n<meta name=\"geo.region\" content=\"France\" \/>\n<!-- \/ Yoast SEO Premium plugin. -->","yoast_head_json":{"title":"La France des penseurs: les id\u00e9es philosophiques phares - Stockholm - French Pie Community","description":"Attend a lecture dedicated to the great thinkers and philosophical ideas that have shaped France and the world.","robots":{"index":"index","follow":"follow","max-snippet":"max-snippet:-1","max-image-preview":"max-image-preview:large","max-video-preview":"max-video-preview:-1"},"canonical":"https:\/\/frenchpie.community\/en\/event\/la-france-des-penseurs-les-idees-philosophiques-phares-stockholm\/","og_locale":"en_GB","og_type":"article","og_title":"La France des penseurs: les id\u00e9es philosophiques phares - Stockholm","og_description":"Attend a lecture dedicated to the great thinkers and philosophical ideas that have shaped France and the world.","og_url":"https:\/\/frenchpie.community\/en\/event\/la-france-des-penseurs-les-idees-philosophiques-phares-stockholm\/","og_site_name":"French Pie Community","article_publisher":"https:\/\/www.facebook.com\/frenchpie.community\/","article_modified_time":"2025-11-29T20:41:47+00:00","og_image":[{"width":724,"height":1024,"url":"https:\/\/frenchpie.community\/wp-content\/uploads\/2025\/11\/Penseurs-SE-724x1024.png","type":"image\/png"}],"twitter_card":"summary_large_image","twitter_misc":{"Estimated reading time":"2 minutes"},"schema":{"@context":"https:\/\/schema.org","@graph":[{"@type":"WebPage","@id":"https:\/\/frenchpie.community\/event\/la-france-des-penseurs-les-idees-philosophiques-phares-stockholm\/","url":"https:\/\/frenchpie.community\/event\/la-france-des-penseurs-les-idees-philosophiques-phares-stockholm\/","name":"La France des penseurs: les id\u00e9es philosophiques phares - Stockholm - French Pie Community","isPartOf":{"@id":"https:\/\/frenchpie.community\/#website"},"primaryImageOfPage":{"@id":"https:\/\/frenchpie.community\/event\/la-france-des-penseurs-les-idees-philosophiques-phares-stockholm\/#primaryimage"},"image":{"@id":"https:\/\/frenchpie.community\/event\/la-france-des-penseurs-les-idees-philosophiques-phares-stockholm\/#primaryimage"},"thumbnailUrl":"https:\/\/frenchpie.community\/wp-content\/uploads\/2025\/11\/Penseurs-SE-scaled.png","datePublished":"2025-11-20T17:26:55+00:00","dateModified":"2025-11-29T20:41:47+00:00","description":"Attend a lecture dedicated to the great thinkers and philosophical ideas that have shaped France and the world.","breadcrumb":{"@id":"https:\/\/frenchpie.community\/event\/la-france-des-penseurs-les-idees-philosophiques-phares-stockholm\/#breadcrumb"},"inLanguage":"en-GB","potentialAction":[{"@type":"ReadAction","target":["https:\/\/frenchpie.community\/event\/la-france-des-penseurs-les-idees-philosophiques-phares-stockholm\/"]}]},{"@type":"ImageObject","inLanguage":"en-GB","@id":"https:\/\/frenchpie.community\/event\/la-france-des-penseurs-les-idees-philosophiques-phares-stockholm\/#primaryimage","url":"https:\/\/frenchpie.community\/wp-content\/uploads\/2025\/11\/Penseurs-SE-scaled.png","contentUrl":"https:\/\/frenchpie.community\/wp-content\/uploads\/2025\/11\/Penseurs-SE-scaled.png","width":1810,"height":2560},{"@type":"BreadcrumbList","@id":"https:\/\/frenchpie.community\/event\/la-france-des-penseurs-les-idees-philosophiques-phares-stockholm\/#breadcrumb","itemListElement":[{"@type":"ListItem","position":1,"name":"Accueil","item":"https:\/\/frenchpie.community\/"},{"@type":"ListItem","position":2,"name":"\u00c9v\u00e8nements","item":"https:\/\/frenchpie.community\/events\/"},{"@type":"ListItem","position":3,"name":"La France des penseurs: les id\u00e9es philosophiques phares &#8211; Stockholm"}]},{"@type":"WebSite","@id":"https:\/\/frenchpie.community\/#website","url":"https:\/\/frenchpie.community\/","name":"French Pie Community","description":"Site officiel","publisher":{"@id":"https:\/\/frenchpie.community\/#organization"},"alternateName":"FPC","potentialAction":[{"@type":"SearchAction","target":{"@type":"EntryPoint","urlTemplate":"https:\/\/frenchpie.community\/?s={search_term_string}"},"query-input":{"@type":"PropertyValueSpecification","valueRequired":true,"valueName":"search_term_string"}}],"inLanguage":"en-GB"},{"@type":["Organization","Place","NGO"],"@id":"https:\/\/frenchpie.community\/#organization","name":"French Pie Community","alternateName":"French Pie Community","url":"https:\/\/frenchpie.community\/","logo":{"@id":"https:\/\/frenchpie.community\/event\/la-france-des-penseurs-les-idees-philosophiques-phares-stockholm\/#local-main-organization-logo"},"image":{"@id":"https:\/\/frenchpie.community\/event\/la-france-des-penseurs-les-idees-philosophiques-phares-stockholm\/#local-main-organization-logo"},"sameAs":["https:\/\/www.facebook.com\/frenchpie.community\/","https:\/\/www.instagram.com\/frenchpie_community\/"],"description":"French Pie est une communaut\u00e9 dynamique de personnes passionn\u00e9es par la langue, la culture, les traditions, le savoir-faire et le savoir-vivre \u00e0 la fran\u00e7aise \u00e0 l\u2019\u00e9tranger. Notre communaut\u00e9 offre un espace accueillant pour explorer tout ce qui est fran\u00e7ais \u2014 de l\u2019art, la musique, la cuisine et le cin\u00e9ma \u00e0 l\u2019histoire, la philosophie et la vie contemporaine. Nous organisons des \u00e9v\u00e9nements culturels, des \u00e9changes linguistiques, des soir\u00e9es cin\u00e9ma et des discussions qui c\u00e9l\u00e8brent la richesse et la diversit\u00e9 du monde francophone. Rejoignez-nous pour interagir, apprendre et vous immerger dans le charme unique de la culture fran\u00e7aise \u00e0 Paris, Prague, Tallinn, Copenhague et Stockholm.","legalName":"French Pie Community","foundingDate":"2002-01-01","numberOfEmployees":{"@type":"QuantitativeValue","minValue":"11","maxValue":"50"},"address":{"@id":"https:\/\/frenchpie.community\/event\/la-france-des-penseurs-les-idees-philosophiques-phares-stockholm\/#local-main-place-address"},"telephone":[],"contactPoint":{"@type":"ContactPoint","telephone":"+33 6 69 21 49 88"},"openingHoursSpecification":[{"@type":"OpeningHoursSpecification","dayOfWeek":["Monday","Tuesday","Wednesday","Thursday","Friday","Saturday","Sunday"],"opens":"09:00","closes":"19:00"}],"email":"info@frenchpie.community","taxID":"W922022708"},{"@type":"PostalAddress","@id":"https:\/\/frenchpie.community\/event\/la-france-des-penseurs-les-idees-philosophiques-phares-stockholm\/#local-main-place-address","streetAddress":"16 Chem. du Syndicat des Cultivateurs","addressLocality":"Suresnes","postalCode":"92150","addressCountry":"FR"},{"@type":"ImageObject","inLanguage":"en-GB","@id":"https:\/\/frenchpie.community\/event\/la-france-des-penseurs-les-idees-philosophiques-phares-stockholm\/#local-main-organization-logo","url":"https:\/\/frenchpie.community\/wp-content\/uploads\/2025\/10\/Logo-French-Pie-.png","contentUrl":"https:\/\/frenchpie.community\/wp-content\/uploads\/2025\/10\/Logo-French-Pie-.png","width":500,"height":500,"caption":"French Pie Community"}]},"geo.placename":"Suresnes","geo.region":"France"},"ticketed":["tc"],"_links":{"self":[{"href":"https:\/\/frenchpie.community\/en\/wp-json\/wp\/v2\/tribe_events\/929","targetHints":{"allow":["GET"]}}],"collection":[{"href":"https:\/\/frenchpie.community\/en\/wp-json\/wp\/v2\/tribe_events"}],"about":[{"href":"https:\/\/frenchpie.community\/en\/wp-json\/wp\/v2\/types\/tribe_events"}],"author":[{"embeddable":true,"href":"https:\/\/frenchpie.community\/en\/wp-json\/wp\/v2\/users\/2"}],"version-history":[{"count":2,"href":"https:\/\/frenchpie.community\/en\/wp-json\/wp\/v2\/tribe_events\/929\/revisions"}],"predecessor-version":[{"id":996,"href":"https:\/\/frenchpie.community\/en\/wp-json\/wp\/v2\/tribe_events\/929\/revisions\/996"}],"wp:featuredmedia":[{"embeddable":true,"href":"https:\/\/frenchpie.community\/en\/wp-json\/wp\/v2\/media\/706"}],"wp:attachment":[{"href":"https:\/\/frenchpie.community\/en\/wp-json\/wp\/v2\/media?parent=929"}],"wp:term":[{"taxonomy":"post_tag","embeddable":true,"href":"https:\/\/frenchpie.community\/en\/wp-json\/wp\/v2\/tags?post=929"},{"taxonomy":"tribe_events_cat","embeddable":true,"href":"https:\/\/frenchpie.community\/en\/wp-json\/wp\/v2\/tribe_events_cat?post=929"}],"curies":[{"name":"wp","href":"https:\/\/api.w.org\/{rel}","templated":true}]}}