{"id":716,"date":"2025-11-20T15:07:26","date_gmt":"2025-11-20T15:07:26","guid":{"rendered":"https:\/\/frenchpie.community\/?post_type=tribe_events&#038;p=716"},"modified":"2026-02-05T18:27:28","modified_gmt":"2026-02-05T18:27:28","slug":"la-chanson-francaise-des-annees-70s-et-80s-prague","status":"publish","type":"tribe_events","link":"https:\/\/frenchpie.community\/en\/event\/la-chanson-francaise-des-annees-70s-et-80s-prague\/","title":{"rendered":"La chanson fran\u00e7aise des ann\u00e9es 70s et 80s. (\u00e9dition St. Valentin) &#8211; Prague"},"content":{"rendered":"<p>Plongez dans l\u2019ambiance inoubliable des ann\u00e9es 70 et 80 lors d\u2019une soir\u00e9e chaleureuse plac\u00e9e sous le signe de la convivialit\u00e9, de la musique et du raffinement.<br \/>\nAu programme : les plus grands succ\u00e8s de la chanson fran\u00e7aise, de Michel Berger \u00e0 France Gall, de Renaud \u00e0 Goldman, en passant par V\u00e9ronique Sanson ou T\u00e9l\u00e9phone\u2026 Une parenth\u00e8se r\u00e9tro pleine d\u2019\u00e9motions, de souvenirs et d\u2019\u00e9nergie.<br \/>\nPour accompagner cette escapade musicale, laissez-vous s\u00e9duire par une d\u00e9gustation \u00e9l\u00e9gante des Cr\u00e9mants de Limoux, bulles fines et aromatiques issues d\u2019un terroir d\u2019exception. Savourez \u00e9galement un ap\u00e9ritif gourmand, soigneusement s\u00e9lectionn\u00e9 pour sublimer chaque verre et offrir un moment de plaisir partag\u00e9.<br \/>\nUne soir\u00e9e id\u00e9ale pour chanter, trinquer, se rem\u00e9morer de grands classiques\u2026 et vivre ensemble une exp\u00e9rience \u00e0 la fois festive, sensorielle et intemporelle \u00e0 la fran\u00e7aise.<\/p>\n<p>Step into the unforgettable atmosphere of the 1970s and 1980s during a warm and welcoming evening celebrating conviviality, music, and elegance.<br \/>\nOn the program: the greatest hits of French music \u2014 from Michel Berger to France Gall, from Renaud to Goldman, with stops along the way for V\u00e9ronique Sanson and T\u00e9l\u00e9phone\u2026 A nostalgic journey filled with emotion, memories, and vibrant energy.<br \/>\nTo accompany this musical escape, let yourself be tempted by an elegant tasting of Cr\u00e9mants de Limoux, fine and aromatic bubbles from an exceptional terroir. You will also enjoy a gourmet aperitif, carefully selected to enhance each glass and create a moment of shared pleasure.<br \/>\nAn ideal evening to sing along, raise a glass, revisit beloved classics\u2026 and experience together a festive, sensory, and timeless celebration \u00e0 la fran\u00e7aise.<\/p>","protected":false},"excerpt":{"rendered":"<p>Plongez dans l\u2019ambiance inoubliable des ann\u00e9es 70 et 80 lors d\u2019une soir\u00e9e chaleureuse plac\u00e9e sous le signe de la convivialit\u00e9, de la musique et du raffinement. Au programme : les [&hellip;]<\/p>\n","protected":false},"author":2,"featured_media":1146,"template":"","meta":{"_price":"","_stock":"","_tribe_ticket_header":"","_tribe_default_ticket_provider":"TEC\\Tickets\\Commerce\\Module","_tribe_ticket_capacity":"0","_ticket_start_date":"","_ticket_end_date":"","_tribe_ticket_show_description":"","_tribe_ticket_show_not_going":false,"_tribe_ticket_use_global_stock":"","_tribe_ticket_global_stock_level":"","_global_stock_mode":"","_global_stock_cap":"","_tribe_rsvp_for_event":"","_tribe_ticket_going_count":"","_tribe_ticket_not_going_count":"","_tribe_tickets_list":"[{\"id\":718,\"type\":\"default\",\"title\":\"Entry Ticket\",\"description\":\"\",\"capacityType\":\"unlimited\",\"price\":\"40\",\"capacity\":\"\",\"available\":-1,\"sharedCapacity\":\"\",\"sold\":6,\"shareSold\":6,\"isShared\":true,\"currencyDecimalPoint\":\".\",\"currencyNumberOfDecimals\":2,\"currencyPosition\":\"prefix\",\"currencySymbol\":\"\\u20ac\",\"currencyThousandsSep\":\",\"}]","_tribe_ticket_has_attendee_info_fields":false,"_tribe_events_status":"","_tribe_events_status_reason":"","_tribe_events_is_hybrid":"","_tribe_events_is_virtual":"","_tribe_events_virtual_video_source":"","_tribe_events_virtual_embed_video":"","_tribe_events_virtual_linked_button_text":"","_tribe_events_virtual_linked_button":"","_tribe_events_virtual_show_embed_at":"","_tribe_events_virtual_show_embed_to":[],"_tribe_events_virtual_show_on_event":"","_tribe_events_virtual_show_on_views":"","_tribe_events_virtual_url":"","footnotes":"","_tec_slr_enabled":"","_tec_slr_layout":""},"tags":[63,19,51,56,65,61,62,17,64,18,59],"tribe_events_cat":[33,16,36],"class_list":["post-716","tribe_events","type-tribe_events","status-publish","has-post-thumbnail","hentry","tag-annees-80","tag-chanson-francaise","tag-cremant","tag-czech-republic","tag-francouzska-hudba","tag-francouzske-vino","tag-french-music","tag-prague","tag-retro-party","tag-vin","tag-vino","tribe_events_cat-prague","tribe_events_cat-soiree-francaise","tribe_events_cat-soiree-musicale","cat_prague","cat_soiree-francaise","cat_soiree-musicale"],"yoast_head":"<!-- This site is optimized with the Yoast SEO Premium plugin v26.9 (Yoast SEO v27.5) - https:\/\/yoast.com\/product\/yoast-seo-premium-wordpress\/ -->\n<title>La chanson fran\u00e7aise des ann\u00e9es 70s et 80s. (\u00e9dition St. Valentin) - Prague - French Pie Community<\/title>\n<meta name=\"description\" content=\"Step into the unforgettable atmosphere of the 1970s and 1980s during a warm and welcoming evening celebrating conviviality, music, and elegance.\" \/>\n<meta name=\"robots\" content=\"index, follow, max-snippet:-1, max-image-preview:large, max-video-preview:-1\" \/>\n<link rel=\"canonical\" href=\"https:\/\/frenchpie.community\/en\/event\/la-chanson-francaise-des-annees-70s-et-80s-prague\/\" \/>\n<meta property=\"og:locale\" content=\"en_GB\" \/>\n<meta property=\"og:type\" content=\"article\" \/>\n<meta property=\"og:title\" content=\"La chanson fran\u00e7aise des ann\u00e9es 70s et 80s. (\u00e9dition St. Valentin) - Prague\" \/>\n<meta property=\"og:description\" content=\"Step into the unforgettable atmosphere of the 1970s and 1980s during a warm and welcoming evening celebrating conviviality, music, and elegance.\" \/>\n<meta property=\"og:url\" content=\"https:\/\/frenchpie.community\/en\/event\/la-chanson-francaise-des-annees-70s-et-80s-prague\/\" \/>\n<meta property=\"og:site_name\" content=\"French Pie Community\" \/>\n<meta property=\"article:publisher\" content=\"https:\/\/www.facebook.com\/frenchpie.community\/\" \/>\n<meta property=\"article:modified_time\" content=\"2026-02-05T18:27:28+00:00\" \/>\n<meta property=\"og:image\" content=\"https:\/\/frenchpie.community\/wp-content\/uploads\/2025\/11\/EST-7-1-724x1024.png\" \/>\n\t<meta property=\"og:image:width\" content=\"724\" \/>\n\t<meta property=\"og:image:height\" content=\"1024\" \/>\n\t<meta property=\"og:image:type\" content=\"image\/png\" \/>\n<meta name=\"twitter:card\" content=\"summary_large_image\" \/>\n<meta name=\"twitter:label1\" content=\"Estimated reading time\" \/>\n\t<meta name=\"twitter:data1\" content=\"2 minutes\" \/>\n<script type=\"application\/ld+json\" class=\"yoast-schema-graph\">{\"@context\":\"https:\\\/\\\/schema.org\",\"@graph\":[{\"@type\":\"WebPage\",\"@id\":\"https:\\\/\\\/frenchpie.community\\\/event\\\/la-chanson-francaise-des-annees-70s-et-80s-prague\\\/\",\"url\":\"https:\\\/\\\/frenchpie.community\\\/event\\\/la-chanson-francaise-des-annees-70s-et-80s-prague\\\/\",\"name\":\"La chanson fran\u00e7aise des ann\u00e9es 70s et 80s. (\u00e9dition St. Valentin) - Prague - French Pie Community\",\"isPartOf\":{\"@id\":\"https:\\\/\\\/frenchpie.community\\\/#website\"},\"primaryImageOfPage\":{\"@id\":\"https:\\\/\\\/frenchpie.community\\\/event\\\/la-chanson-francaise-des-annees-70s-et-80s-prague\\\/#primaryimage\"},\"image\":{\"@id\":\"https:\\\/\\\/frenchpie.community\\\/event\\\/la-chanson-francaise-des-annees-70s-et-80s-prague\\\/#primaryimage\"},\"thumbnailUrl\":\"https:\\\/\\\/frenchpie.community\\\/wp-content\\\/uploads\\\/2025\\\/11\\\/EST-7-1-scaled.png\",\"datePublished\":\"2025-11-20T15:07:26+00:00\",\"dateModified\":\"2026-02-05T18:27:28+00:00\",\"description\":\"Step into the unforgettable atmosphere of the 1970s and 1980s during a warm and welcoming evening celebrating conviviality, music, and elegance.\",\"breadcrumb\":{\"@id\":\"https:\\\/\\\/frenchpie.community\\\/event\\\/la-chanson-francaise-des-annees-70s-et-80s-prague\\\/#breadcrumb\"},\"inLanguage\":\"en-GB\",\"potentialAction\":[{\"@type\":\"ReadAction\",\"target\":[\"https:\\\/\\\/frenchpie.community\\\/event\\\/la-chanson-francaise-des-annees-70s-et-80s-prague\\\/\"]}]},{\"@type\":\"ImageObject\",\"inLanguage\":\"en-GB\",\"@id\":\"https:\\\/\\\/frenchpie.community\\\/event\\\/la-chanson-francaise-des-annees-70s-et-80s-prague\\\/#primaryimage\",\"url\":\"https:\\\/\\\/frenchpie.community\\\/wp-content\\\/uploads\\\/2025\\\/11\\\/EST-7-1-scaled.png\",\"contentUrl\":\"https:\\\/\\\/frenchpie.community\\\/wp-content\\\/uploads\\\/2025\\\/11\\\/EST-7-1-scaled.png\",\"width\":1810,\"height\":2560,\"caption\":\"St Valentin - La Chanson fran\u00e7aise des ann\u00e9es 70 et 80\"},{\"@type\":\"BreadcrumbList\",\"@id\":\"https:\\\/\\\/frenchpie.community\\\/event\\\/la-chanson-francaise-des-annees-70s-et-80s-prague\\\/#breadcrumb\",\"itemListElement\":[{\"@type\":\"ListItem\",\"position\":1,\"name\":\"Accueil\",\"item\":\"https:\\\/\\\/frenchpie.community\\\/\"},{\"@type\":\"ListItem\",\"position\":2,\"name\":\"\u00c9v\u00e8nements\",\"item\":\"https:\\\/\\\/frenchpie.community\\\/events\\\/\"},{\"@type\":\"ListItem\",\"position\":3,\"name\":\"La chanson fran\u00e7aise des ann\u00e9es 70s et 80s. (\u00e9dition St. Valentin) &#8211; Prague\"}]},{\"@type\":\"WebSite\",\"@id\":\"https:\\\/\\\/frenchpie.community\\\/#website\",\"url\":\"https:\\\/\\\/frenchpie.community\\\/\",\"name\":\"French Pie Community\",\"description\":\"Site officiel\",\"publisher\":{\"@id\":\"https:\\\/\\\/frenchpie.community\\\/#organization\"},\"alternateName\":\"FPC\",\"potentialAction\":[{\"@type\":\"SearchAction\",\"target\":{\"@type\":\"EntryPoint\",\"urlTemplate\":\"https:\\\/\\\/frenchpie.community\\\/?s={search_term_string}\"},\"query-input\":{\"@type\":\"PropertyValueSpecification\",\"valueRequired\":true,\"valueName\":\"search_term_string\"}}],\"inLanguage\":\"en-GB\"},{\"@type\":[\"Organization\",\"Place\",\"NGO\"],\"@id\":\"https:\\\/\\\/frenchpie.community\\\/#organization\",\"name\":\"French Pie Community\",\"alternateName\":\"French Pie Community\",\"url\":\"https:\\\/\\\/frenchpie.community\\\/\",\"logo\":{\"@id\":\"https:\\\/\\\/frenchpie.community\\\/event\\\/la-chanson-francaise-des-annees-70s-et-80s-prague\\\/#local-main-organization-logo\"},\"image\":{\"@id\":\"https:\\\/\\\/frenchpie.community\\\/event\\\/la-chanson-francaise-des-annees-70s-et-80s-prague\\\/#local-main-organization-logo\"},\"sameAs\":[\"https:\\\/\\\/www.facebook.com\\\/frenchpie.community\\\/\",\"https:\\\/\\\/www.instagram.com\\\/frenchpie_community\\\/\"],\"description\":\"French Pie est une communaut\u00e9 dynamique de personnes passionn\u00e9es par la langue, la culture, les traditions, le savoir-faire et le savoir-vivre \u00e0 la fran\u00e7aise \u00e0 l\u2019\u00e9tranger. Notre communaut\u00e9 offre un espace accueillant pour explorer tout ce qui est fran\u00e7ais \u2014 de l\u2019art, la musique, la cuisine et le cin\u00e9ma \u00e0 l\u2019histoire, la philosophie et la vie contemporaine. Nous organisons des \u00e9v\u00e9nements culturels, des \u00e9changes linguistiques, des soir\u00e9es cin\u00e9ma et des discussions qui c\u00e9l\u00e8brent la richesse et la diversit\u00e9 du monde francophone. Rejoignez-nous pour interagir, apprendre et vous immerger dans le charme unique de la culture fran\u00e7aise \u00e0 Paris, Prague, Tallinn, Copenhague et Stockholm.\",\"legalName\":\"French Pie Community\",\"foundingDate\":\"2002-01-01\",\"numberOfEmployees\":{\"@type\":\"QuantitativeValue\",\"minValue\":\"11\",\"maxValue\":\"50\"},\"address\":{\"@id\":\"https:\\\/\\\/frenchpie.community\\\/event\\\/la-chanson-francaise-des-annees-70s-et-80s-prague\\\/#local-main-place-address\"},\"telephone\":[],\"contactPoint\":{\"@type\":\"ContactPoint\",\"telephone\":\"+33 6 69 21 49 88\"},\"openingHoursSpecification\":[{\"@type\":\"OpeningHoursSpecification\",\"dayOfWeek\":[\"Monday\",\"Tuesday\",\"Wednesday\",\"Thursday\",\"Friday\",\"Saturday\",\"Sunday\"],\"opens\":\"09:00\",\"closes\":\"19:00\"}],\"email\":\"info@frenchpie.community\",\"taxID\":\"W922022708\"},{\"@type\":\"PostalAddress\",\"@id\":\"https:\\\/\\\/frenchpie.community\\\/event\\\/la-chanson-francaise-des-annees-70s-et-80s-prague\\\/#local-main-place-address\",\"streetAddress\":\"16 Chem. du Syndicat des Cultivateurs\",\"addressLocality\":\"Suresnes\",\"postalCode\":\"92150\",\"addressCountry\":\"FR\"},{\"@type\":\"ImageObject\",\"inLanguage\":\"en-GB\",\"@id\":\"https:\\\/\\\/frenchpie.community\\\/event\\\/la-chanson-francaise-des-annees-70s-et-80s-prague\\\/#local-main-organization-logo\",\"url\":\"https:\\\/\\\/frenchpie.community\\\/wp-content\\\/uploads\\\/2025\\\/10\\\/Logo-French-Pie-.png\",\"contentUrl\":\"https:\\\/\\\/frenchpie.community\\\/wp-content\\\/uploads\\\/2025\\\/10\\\/Logo-French-Pie-.png\",\"width\":500,\"height\":500,\"caption\":\"French Pie Community\"}]}<\/script>\n<meta name=\"geo.placename\" content=\"Suresnes\" \/>\n<meta name=\"geo.region\" content=\"France\" \/>\n<!-- \/ Yoast SEO Premium plugin. -->","yoast_head_json":{"title":"La chanson fran\u00e7aise des ann\u00e9es 70s et 80s. (\u00e9dition St. Valentin) - Prague - French Pie Community","description":"Step into the unforgettable atmosphere of the 1970s and 1980s during a warm and welcoming evening celebrating conviviality, music, and elegance.","robots":{"index":"index","follow":"follow","max-snippet":"max-snippet:-1","max-image-preview":"max-image-preview:large","max-video-preview":"max-video-preview:-1"},"canonical":"https:\/\/frenchpie.community\/en\/event\/la-chanson-francaise-des-annees-70s-et-80s-prague\/","og_locale":"en_GB","og_type":"article","og_title":"La chanson fran\u00e7aise des ann\u00e9es 70s et 80s. (\u00e9dition St. Valentin) - Prague","og_description":"Step into the unforgettable atmosphere of the 1970s and 1980s during a warm and welcoming evening celebrating conviviality, music, and elegance.","og_url":"https:\/\/frenchpie.community\/en\/event\/la-chanson-francaise-des-annees-70s-et-80s-prague\/","og_site_name":"French Pie Community","article_publisher":"https:\/\/www.facebook.com\/frenchpie.community\/","article_modified_time":"2026-02-05T18:27:28+00:00","og_image":[{"width":724,"height":1024,"url":"https:\/\/frenchpie.community\/wp-content\/uploads\/2025\/11\/EST-7-1-724x1024.png","type":"image\/png"}],"twitter_card":"summary_large_image","twitter_misc":{"Estimated reading time":"2 minutes"},"schema":{"@context":"https:\/\/schema.org","@graph":[{"@type":"WebPage","@id":"https:\/\/frenchpie.community\/event\/la-chanson-francaise-des-annees-70s-et-80s-prague\/","url":"https:\/\/frenchpie.community\/event\/la-chanson-francaise-des-annees-70s-et-80s-prague\/","name":"La chanson fran\u00e7aise des ann\u00e9es 70s et 80s. (\u00e9dition St. Valentin) - Prague - French Pie Community","isPartOf":{"@id":"https:\/\/frenchpie.community\/#website"},"primaryImageOfPage":{"@id":"https:\/\/frenchpie.community\/event\/la-chanson-francaise-des-annees-70s-et-80s-prague\/#primaryimage"},"image":{"@id":"https:\/\/frenchpie.community\/event\/la-chanson-francaise-des-annees-70s-et-80s-prague\/#primaryimage"},"thumbnailUrl":"https:\/\/frenchpie.community\/wp-content\/uploads\/2025\/11\/EST-7-1-scaled.png","datePublished":"2025-11-20T15:07:26+00:00","dateModified":"2026-02-05T18:27:28+00:00","description":"Step into the unforgettable atmosphere of the 1970s and 1980s during a warm and welcoming evening celebrating conviviality, music, and elegance.","breadcrumb":{"@id":"https:\/\/frenchpie.community\/event\/la-chanson-francaise-des-annees-70s-et-80s-prague\/#breadcrumb"},"inLanguage":"en-GB","potentialAction":[{"@type":"ReadAction","target":["https:\/\/frenchpie.community\/event\/la-chanson-francaise-des-annees-70s-et-80s-prague\/"]}]},{"@type":"ImageObject","inLanguage":"en-GB","@id":"https:\/\/frenchpie.community\/event\/la-chanson-francaise-des-annees-70s-et-80s-prague\/#primaryimage","url":"https:\/\/frenchpie.community\/wp-content\/uploads\/2025\/11\/EST-7-1-scaled.png","contentUrl":"https:\/\/frenchpie.community\/wp-content\/uploads\/2025\/11\/EST-7-1-scaled.png","width":1810,"height":2560,"caption":"St Valentin - La Chanson fran\u00e7aise des ann\u00e9es 70 et 80"},{"@type":"BreadcrumbList","@id":"https:\/\/frenchpie.community\/event\/la-chanson-francaise-des-annees-70s-et-80s-prague\/#breadcrumb","itemListElement":[{"@type":"ListItem","position":1,"name":"Accueil","item":"https:\/\/frenchpie.community\/"},{"@type":"ListItem","position":2,"name":"\u00c9v\u00e8nements","item":"https:\/\/frenchpie.community\/events\/"},{"@type":"ListItem","position":3,"name":"La chanson fran\u00e7aise des ann\u00e9es 70s et 80s. (\u00e9dition St. Valentin) &#8211; Prague"}]},{"@type":"WebSite","@id":"https:\/\/frenchpie.community\/#website","url":"https:\/\/frenchpie.community\/","name":"French Pie Community","description":"Site officiel","publisher":{"@id":"https:\/\/frenchpie.community\/#organization"},"alternateName":"FPC","potentialAction":[{"@type":"SearchAction","target":{"@type":"EntryPoint","urlTemplate":"https:\/\/frenchpie.community\/?s={search_term_string}"},"query-input":{"@type":"PropertyValueSpecification","valueRequired":true,"valueName":"search_term_string"}}],"inLanguage":"en-GB"},{"@type":["Organization","Place","NGO"],"@id":"https:\/\/frenchpie.community\/#organization","name":"French Pie Community","alternateName":"French Pie Community","url":"https:\/\/frenchpie.community\/","logo":{"@id":"https:\/\/frenchpie.community\/event\/la-chanson-francaise-des-annees-70s-et-80s-prague\/#local-main-organization-logo"},"image":{"@id":"https:\/\/frenchpie.community\/event\/la-chanson-francaise-des-annees-70s-et-80s-prague\/#local-main-organization-logo"},"sameAs":["https:\/\/www.facebook.com\/frenchpie.community\/","https:\/\/www.instagram.com\/frenchpie_community\/"],"description":"French Pie est une communaut\u00e9 dynamique de personnes passionn\u00e9es par la langue, la culture, les traditions, le savoir-faire et le savoir-vivre \u00e0 la fran\u00e7aise \u00e0 l\u2019\u00e9tranger. Notre communaut\u00e9 offre un espace accueillant pour explorer tout ce qui est fran\u00e7ais \u2014 de l\u2019art, la musique, la cuisine et le cin\u00e9ma \u00e0 l\u2019histoire, la philosophie et la vie contemporaine. Nous organisons des \u00e9v\u00e9nements culturels, des \u00e9changes linguistiques, des soir\u00e9es cin\u00e9ma et des discussions qui c\u00e9l\u00e8brent la richesse et la diversit\u00e9 du monde francophone. Rejoignez-nous pour interagir, apprendre et vous immerger dans le charme unique de la culture fran\u00e7aise \u00e0 Paris, Prague, Tallinn, Copenhague et Stockholm.","legalName":"French Pie Community","foundingDate":"2002-01-01","numberOfEmployees":{"@type":"QuantitativeValue","minValue":"11","maxValue":"50"},"address":{"@id":"https:\/\/frenchpie.community\/event\/la-chanson-francaise-des-annees-70s-et-80s-prague\/#local-main-place-address"},"telephone":[],"contactPoint":{"@type":"ContactPoint","telephone":"+33 6 69 21 49 88"},"openingHoursSpecification":[{"@type":"OpeningHoursSpecification","dayOfWeek":["Monday","Tuesday","Wednesday","Thursday","Friday","Saturday","Sunday"],"opens":"09:00","closes":"19:00"}],"email":"info@frenchpie.community","taxID":"W922022708"},{"@type":"PostalAddress","@id":"https:\/\/frenchpie.community\/event\/la-chanson-francaise-des-annees-70s-et-80s-prague\/#local-main-place-address","streetAddress":"16 Chem. du Syndicat des Cultivateurs","addressLocality":"Suresnes","postalCode":"92150","addressCountry":"FR"},{"@type":"ImageObject","inLanguage":"en-GB","@id":"https:\/\/frenchpie.community\/event\/la-chanson-francaise-des-annees-70s-et-80s-prague\/#local-main-organization-logo","url":"https:\/\/frenchpie.community\/wp-content\/uploads\/2025\/10\/Logo-French-Pie-.png","contentUrl":"https:\/\/frenchpie.community\/wp-content\/uploads\/2025\/10\/Logo-French-Pie-.png","width":500,"height":500,"caption":"French Pie Community"}]},"geo.placename":"Suresnes","geo.region":"France"},"ticketed":["tc"],"_links":{"self":[{"href":"https:\/\/frenchpie.community\/en\/wp-json\/wp\/v2\/tribe_events\/716","targetHints":{"allow":["GET"]}}],"collection":[{"href":"https:\/\/frenchpie.community\/en\/wp-json\/wp\/v2\/tribe_events"}],"about":[{"href":"https:\/\/frenchpie.community\/en\/wp-json\/wp\/v2\/types\/tribe_events"}],"author":[{"embeddable":true,"href":"https:\/\/frenchpie.community\/en\/wp-json\/wp\/v2\/users\/2"}],"version-history":[{"count":4,"href":"https:\/\/frenchpie.community\/en\/wp-json\/wp\/v2\/tribe_events\/716\/revisions"}],"predecessor-version":[{"id":1173,"href":"https:\/\/frenchpie.community\/en\/wp-json\/wp\/v2\/tribe_events\/716\/revisions\/1173"}],"wp:featuredmedia":[{"embeddable":true,"href":"https:\/\/frenchpie.community\/en\/wp-json\/wp\/v2\/media\/1146"}],"wp:attachment":[{"href":"https:\/\/frenchpie.community\/en\/wp-json\/wp\/v2\/media?parent=716"}],"wp:term":[{"taxonomy":"post_tag","embeddable":true,"href":"https:\/\/frenchpie.community\/en\/wp-json\/wp\/v2\/tags?post=716"},{"taxonomy":"tribe_events_cat","embeddable":true,"href":"https:\/\/frenchpie.community\/en\/wp-json\/wp\/v2\/tribe_events_cat?post=716"}],"curies":[{"name":"wp","href":"https:\/\/api.w.org\/{rel}","templated":true}]}}